{"id":25,"date":"2015-02-28T09:11:50","date_gmt":"2015-02-28T09:11:50","guid":{"rendered":"http:\/\/radani.agency\/mauritius\/locationvillasradani\/?page_id=25"},"modified":"2018-12-06T14:22:42","modified_gmt":"2018-12-06T14:22:42","slug":"avis-clients-2","status":"publish","type":"page","link":"https:\/\/radani.agency\/mauritius\/location-villas-radani\/avis-clients-2\/","title":{"rendered":"T\u00e9moignages"},"content":{"rendered":"<div class=\"su-box su-box-style-default\" id=\"\" style=\"border-color:#009ea0;border-radius:3px;\"><div class=\"su-box-title\" style=\"background-color:#2fd1d3;color:#FFFFFF;border-top-left-radius:1px;border-top-right-radius:1px\">Quelques commentaires de nos Clients<br \/>\n<\/div><div class=\"su-box-content su-u-clearfix su-u-trim\" style=\"border-bottom-left-radius:1px;border-bottom-right-radius:1px\">\n<div class=\"su-pullquote su-pullquote-align-left\"><img loading=\"lazy\" decoding=\"async\" class=\"alignnone size-medium wp-image-60\" src=\"http:\/\/radani.agency\/mauritius\/locationvillasradani\/wp-content\/uploads\/sites\/9\/2015\/03\/mapMaurice_01-300x287.jpg\" alt=\"mapMaurice_01\" width=\"300\" height=\"287\" srcset=\"https:\/\/radani.agency\/mauritius\/location-villas-radani\/wp-content\/uploads\/sites\/9\/2015\/03\/mapMaurice_01-300x287.jpg 300w, https:\/\/radani.agency\/mauritius\/location-villas-radani\/wp-content\/uploads\/sites\/9\/2015\/03\/mapMaurice_01.jpg 461w\" sizes=\"auto, (max-width: 300px) 100vw, 300px\" \/>\u00a0 Google map<\/p>\n<\/div>\n<p>B\u00e9atrice et Olivier &#8211; Fran\u00e7ais de l&#8217;Ile de la R\u00e9union &#8211; 20 novembre 2018<\/p>\n<p>Nous avons d\u00e9couvert la villa Radani par hasard en octobre dernier et nous avons \u00e9t\u00e9 bluff\u00e9s par ce qui \u00e9tait propos\u00e9 pour le prix, 5 chambres confortables, une vraie piscine, et avec un suppl\u00e9ment d\u00e9risoire, la possibilit\u00e9 que Anjoo et Lata (les deux charmantes dames attach\u00e9es au service de la maison) fassent pour vous la cuisine. (Mais l&#8217;achat des ingr\u00e9dients est \u00e0 votre charge).<br \/>\nL&#8217;esprit lib\u00e9r\u00e9, on peut ainsi d\u00e9couvrir Maurice et ses tr\u00e9sors. Enchant\u00e9s par ce premier s\u00e9jour, nous y sommes retourn\u00e9s un mois apr\u00e8s.<br \/>\nLa r\u00e9alit\u00e9 est en tout points conforme \u00e0 ce qui est montr\u00e9 sur internet et l&#8217;h\u00f4te, M. RADA a un r\u00e9el souci de la r\u00e9ussite du s\u00e9jour de chacune des personnes qu&#8217;il accueille.<br \/>\nPour les familles, les enfants jusqu&#8217;\u00e0 16 ans payent moiti\u00e9 prix.<\/p>\n<p>Une excellente adresse. Un 5 \u00e9toiles \u00e0 prix cass\u00e9.<br \/>\n\u2605 \u2605 \u2605 \u2605 \u2605<\/p>\n<p>&nbsp;<\/p>\n<p>Famille BILOCQ : 4 adultes et 4 enfants, juillet 2016<br \/>\nSi nous avons attendu quelques temps pour apporter notre t\u00e9moignage, c\u2019est parce que les mots ne sont pas suffisants pour transposer avec un clavier tout le bonheur que nous avons v\u00e9cu dans la villa Danielle. TOUT, vraiment TOUT est organis\u00e9 l\u00e0-bas pour y vivre de mani\u00e8re paradisiaque. Nous \u00e9tions \u00e0 la fois int\u00e9gr\u00e9s \u00e0 la vie locale et en m\u00eame temps nous b\u00e9n\u00e9ficions \u00e0 notre rythme de relaxation et de d\u00e9couverte de l\u2019ile. COMMENT ?&#8230;..gr\u00e2ce<br \/>\n\u2022 \u00e0 la pr\u00e9sence de Lata et Anjoo (cuisine locale, massages, participations aux f\u00eates\u2026) Ces deux charmantes et attachantes dames n\u2019ont pas h\u00e9sit\u00e9 de nous partager leurs secrets culinaires que nous avons import\u00e9s<br \/>\n\u2022 \u00e0 la pr\u00e9sence de Monsieur Pepe, attentif aux d\u00e9tails de locomotion, de communication (par exemple :carte Sim dans notre t\u00e9l\u00e9phone)<br \/>\n\u2022 gr\u00e2ce aux am\u00e9nagements interne et externe de la villa soigneusement r\u00e9fl\u00e9chis, dans un but de confort et de bien \u00eatre : (terrasse couverte, piscine, jardin agr\u00e9able, chambres spacieuses, sanitaires irr\u00e9prochables, \u00e9quipements utiles tels que machine \u00e0 laver la vaisselle ou le linge, Wifi, \u2026etc.<br \/>\nVraiment m\u00eame avec 4 mois de d\u00e9calage entre le s\u00e9jour et cet avis, le souvenir reste chaleureux, color\u00e9 \u2026 avec une seule envie : \u00ab Y RETOURNER \u00bb<br \/>\nSign\u00e9 : famille BILOCQ ce 22\/10\/2016<\/p>\n<p>&nbsp;<\/p>\n<div class=\"reviewer vcard nick\"><a class=\"fn\" href=\"https:\/\/www.homelidays.com\/traveler\/profiles\/214a74db-7ec0-4a71-a33f-d1f80977386c\" target=\"blank\">Aurore J.<\/a>\u00a0MORILLON \u00a0 &#8211; \u00a0 <strong>\u00a0Voyage inoubliable et mariage de r\u00eave !!<\/strong><\/div>\n<div class=\"description review-txt\" lang=\"fr\">\n<p>M E R C I !!<\/p>\n<p>5 de 5<\/p>\n<p>gr\u00e2ce \u00e0 vous, nous avons pass\u00e9 un s\u00e9jour formidable ! Bien au-del\u00e0 de ce qu&#8217;on aurait pu imaginer&#8230; !<\/p>\n<p>Nous avons s\u00e9journer 3 semaines dans la Villa Radani \u00e0 Trou d&#8217;Eau Douce et cela restera un voyage inoubliable !<\/p>\n<p>Tout d&#8217;abord car nous avons eu droit \u00e0 un Mariage de r\u00eave, que l&#8217;on aurait m\u00eame pas os\u00e9 imaginer dans nos r\u00eaves les plus fous : C\u00e9r\u00e9monie sur la plage, vin d&#8217;honneur en catamaran, spectacle Sega, cracheur de feu et le clou du spectacle un splendide feu d&#8217;artifice !!!<\/p>\n<p>Ensuite, pour l&#8217;accueil, la disponibilit\u00e9 et la g\u00e9n\u00e9rosit\u00e9 de nos h\u00f4tes :<\/p>\n<p>Mr Radha, rendez-vous est pris \u00e0 la maison !<\/p>\n<p>Pepe, Merci ! sans vous rien n&#8217;aurait \u00e9t\u00e9 possible, nous avons eu le mariage de nos r\u00eaves gr\u00e2ce \u00e0 vous ! Merci aussi pour toutes ces excursions merveilleuses, et surtout pour la patience dont vous avait fait preuve avec notre groupe de 10 personnes !!!<\/p>\n<p>Merci aussi \u00e0 Anjoo et Lata, pour vos petits plats succulents, vos massages excellents, votre gentillesse : il a \u00e9t\u00e9 tr\u00e8s difficile pour nous de vous quitter, vous nous manquez &#8230;<\/p>\n<p>Bref, nous avons pass\u00e9 des moments fantastiques en famille et aussi avec les gens que nous avons rencontr\u00e9s gr\u00e2ce \u00e0 vous.<\/p>\n<p>Nous nous reverrons, c&#8217;est s\u00fbr ! Mais cette fois avec moins de surprises \u00e0 organiser !! Et nous aurons l&#8217;occasion de partager d&#8217;autres ap\u00e9ro avec rhum arrang\u00e9 !!<\/p>\n<p>Un \u00e9norme merci encore pour tout !<\/p>\n<p>\u00c0 toute l&#8217;\u00e9quipe de la villa Radani (ceux que nous avons vu et ceux que nous avons moins vu&#8230;). vous \u00eates des personnes exceptionnelles et nous sommes honor\u00e9s d&#8217;avoir fait votre connaissance.<\/p>\n<p>Ne changez rien !<\/p>\n<p>Tout \u00e9tait parfait !<\/p>\n<p>Aurore et Damien et toute notre famille<\/p>\n<\/div>\n<ul class=\"list-inline review-meta\">\n<li>Appr\u00e9ciation envoy\u00e9e: <span class=\"dtreviewed\" title=\"May 5, 2016\">May 5, 2016<\/span><\/li>\n<li class=\"stay\">Date de s\u00e9jour: <span class=\"dtreviewed\" title=\"Apr 2016\">Apr 2016<\/span><\/li>\n<li>Source: <span class=\"dtreviewed\">Homelidays, La Famille HomeAway<\/span><\/li>\n<\/ul>\n<p>&nbsp;<\/p>\n<p>&nbsp;<\/p>\n<p>Sabrina D. (Paris )<\/p>\n<p>Parfait!!<\/p>\n<p>5 de 5<\/p>\n<p>Accueil irr\u00e9prochable, propret\u00e9, s\u00e9curit\u00e9, calme..<\/p>\n<p>Nous avons pass\u00e9 un mois entier \u00e0 la Villa Radani, et nous y gardons un tr\u00e8s beau souvenir&#8230; Les propri\u00e9taires qui sont toujours de bonne intention, La formidable Maya avec ses plats succulents et qui est toujours disponible ..P\u00e9p\u00e9 qui nous a organis\u00e9 le mariage de nos r\u00eaves, Bref, un endroit chaleureux, reposant et quel d\u00e9cor.. Merci \u00e0 vous.. Nous y reviendrons c&#8217;est s\u00fbr!!<\/p>\n<p>Appr\u00e9ciation envoy\u00e9e: Oct 12, 2015\u00a0 Date de s\u00e9jour: Nov 2014\u00a0 Source: Homelidays, La Famille HomeAway<\/p>\n<p>gilbert a.<br \/>\nsejour superbe<br \/>\n5 sur 5<br \/>\nbonjour nous sommes aller a la villa radani avec toutes la petite familles 15 personnes , les <strong>3 femmes de menage<\/strong> tres agreable dicrete,tres souriante prete a faire tout pour vous faire plasir aussi ,elles sont disponible.<strong> Pepe superbe bonhomme<\/strong> qui fait tout pour satisfaire le sejour, discret mais vraiment superbe homme a tout faire je recommande la villa radani nous avons passe de tres bonne vacances a refaire<br \/>\nAppr\u00e9ciation envoy\u00e9e: 30 oct. 2014 Date de s\u00e9jour: oct. 2014 Source: Homelidays, La Famille HomeAway<\/p>\n<div class=\"su-spoiler su-spoiler-style-fancy su-spoiler-icon-chevron-circle su-spoiler-closed\" data-scroll-offset=\"0\" data-anchor-in-url=\"no\"><div class=\"su-spoiler-title\" tabindex=\"0\" role=\"button\"><span class=\"su-spoiler-icon\"><\/span>Suite ...<\/div><div class=\"su-spoiler-content su-u-clearfix su-u-trim\">\n<p>C\u00e9line B.<br \/>\nUn mariage inoubliable<br \/>\n5 sur 5<br \/>\n\u201cNous revenons \u00e0 peine d\u201dun s\u00e9jour magique pass\u00e9 en compagnie de <strong>l\u2019\u00e9quipe de la Villa Radani<\/strong> qui a su g\u00e9rer: un s\u00e9jour de 17 personnes avec excursions, repas, d\u00e9sordre\u2026. et <strong>un mariage<\/strong>. La disponibilit\u00e9, la patience et la gentillesse de nos h\u00f4tes nous a permis de passer des vacances inoubliables. Le deal \u00e9tait simple: quelque soit notre demande, nous n\u201davons jamais essuy\u00e9 de refus, le but \u00e9tant de nous satisfaire sans concessions. D\u201dailleurs, l\u201dinvestissement de Pepe pour nous offrir un mariage magnifique nous a permis de b\u00e9n\u00e9ficier d\u201dune c\u00e9r\u00e9monie sur la plage, d\u201dun bateau pour le vin d\u201dhonneur, d\u201dun repas avec animations cr\u00e9oles et\u2026.d\u201dun feu d\u201dartifice priv\u00e9 digne d\u201dun 14 Juillet. Son d\u00e9vouement sans bornes et son sens de l\u201dinitiative nous a aussi permis de profiter de la f\u00eate au m\u00eame titre que nos invit\u00e9s (grand luxe le jour d\u201dun mariage). Nous accordons un prix inestimable \u00e0 la rencontre humaine que ce voyage nous a permis de faire et sommes honor\u00e9s que <strong>Radha et son \u00e9quipe<\/strong>aient accept\u00e9s de s\u201doccuper de nous comme si nous faisions partie d\u201dune tr\u00e8s grande famille. En somme donc, prestations de luxe, \u00e0 la carte dans un cadre exotique magnifique. Pour ne rien g\u00e2cher, l\u201dIle regorge de merveilles que nous n\u201davons pas r\u00e9ussis \u00e0 combler en totalit\u00e9 en 15 jours de temps mais qui seront le pretexte d\u201dun second voyage.<br \/>\n\u201d<br \/>\nAppr\u00e9ciation envoy\u00e9e: 6 mai 2014 Date de s\u00e9jour: avr. 2014 Source: Homelidays, La Famille HomeAway<\/p>\n<p>mickael m.<br \/>\n5 sur 5<br \/>\nBonjour \u00e0 tous,<br \/>\nnous venons de vivre un moment tout simplement exceptionnel\u2026<br \/>\nGr\u00e2ce \u00e0 Radha et son \u00e9quipe nous nous sommes mari\u00e9 sur une petite plage de trou d\u2019eau(un paradis au paradis!!)<br \/>\nRadha c\u2019est occup\u00e9 de tout pour nous(<strong>formalit\u00e9s administratives<\/strong>,organisation de la c\u00e9r\u00e9monie sur la plage avec l\u2019officier d\u2019\u00e9tat civil,petite arche improvis\u00e9e sur place par P\u00e9p\u00e9 son bras droit,t\u00e9moin,photographe et cameraman professionnel,etc\u2026)du pur bonheur !<br \/>\nEt comme si cela ne suffisait pas,il nous a en plus organis\u00e9 deux jours plus tard un mariage hindou digne d\u2019un conte des mille et une nuit,un moment magique,f\u00e9erique et inoubliable.<br \/>\nDifficile de r\u00e9sumer un voyage aussi merveilleux en quelques lignes ,m\u00eame un livre de 200 pages ne suffirait pas tellement nous avons v\u00e9cu de moments extraordinaires agr\u00e9ment\u00e9s de sublimes rencontres.<br \/>\nTrois femmes sont aux petits soins pour vous, tous les jours : <strong>Maya, Latta et anjoo<\/strong>, elles sont g\u00e9niales\u2026<br \/>\nElles vous pr\u00e9parent petit d\u00e9jeuner et d\u00eener en fonction de vos desirs (mais demander la cuisine locale! c\u2019est un r\u00e9gal pour les papilles),s\u2019occupe de votre logement telles des petites f\u00e9es du logis(sans parler de leur <strong>massage \u00e0 quatre mains<\/strong> sur table de massage avec huile essentielle, un incontournable),toujours pleines de petites attention,le tout d\u00e9bordant de gentillesse et de sourire. Ce sont des magiciennes ! \u201celles sont comme un couteau suisse\u201d<br \/>\nEnsuite, il y a <strong>P\u00e9p\u00e9,le \u201cmajor d\u2019homme\u201d<\/strong>,il est exceptionnel (c\u2019est Mac Gyver) : Vous avez besoin de quoi que ce soit demander \u00e0 P\u00e9p\u00e9 ,il sait tout faire et connait tout le monde (vous trouver les meilleures excursions au meilleur prix, pareil pour la location de v\u00e9hicule ou encore l\u2019organisation de sortie en tout genre\u2026il sera votre guide. Si vous \u00eates du genre \u00e0 fuir les h\u00f4tels \u00e0 touristes\u2026vous \u00eates au bon endroit, les services d\u2019un grand h\u00f4tel dans un environnement \u201cfamilial\u201d(du sur mesure personnalis\u00e9\u2026) ou vous serez \u00e0 la rencontre de la vraie ile Maurice et e ses habitants\u2026Dans la vie il y\u2019a des choses qui restent grav\u00e9, et celle-ci en fera partie et nous esp\u00e9rons pouvoir y retourner tr\u00e8s bient\u00f4t.Merci encore \u00e0 Radha(un grand Monsieur \u00e0 connaitre et \u00e0 recommander,simple et genereux qui sera faire de votre sejour un moment unique et exceptionnel)<br \/>\nC\u2019est de loin notre plus beau voyage et un des meilleur moments de notre vie.<br \/>\nA tres bientot c\u2019est sur\u2026!!<br \/>\nAppr\u00e9ciation envoy\u00e9e: 1 juin 2013 Date de s\u00e9jour: mai 2013 Source: Homelidays, La Famille HomeAway<br \/>\nCette appr\u00e9ciation vous a-t-elle aid\u00e9e? Oui Non<\/p>\n<p>huchet<br \/>\n5 sur 5<br \/>\n\u201cAyant pass\u00e9 un agr\u00e9able s\u00e9jour dans la villa Radani, nous tenons \u00e0 remercier le propri\u00e9taire Radha,nos deux cuisini\u00e8res tr\u00e8s charmantes Anjoo et Lata qui sont vraiment tr\u00e8s adorables et P\u00e9p\u00e9 notre chauffeur qui a \u00e9t\u00e9 \u00e9galement \u00e0 nos petits soins.La villa est vraiment super et la cuisine Mauricienne tr\u00e8s tr\u00e8s bonne.Si on doit retourner l\u00e0 bas, ce sera certainement au m\u00eame endroit.A noter un excellent resto sympa \u00e0 Trou d\u201deau douce \u201d le Gilda\u201d o\u00f9 nous avons \u00e9t\u00e9 tr\u00e8s bien re\u00e7u et avons bien mang\u00e9. Merci encore \u00e0 tout le personnel de la villa pour sa g\u00e9n\u00e9rosit\u00e9, son accueil sans oublier la sympathie de leurs enfants tr\u00e8s polis et tr\u00e8s agr\u00e9ables.Garderons un excellent souvenir.\u201d<br \/>\nAppr\u00e9ciation envoy\u00e9e: 14 mars 2012 Date de s\u00e9jour: f\u00e9vr. 2012 Source: Homelidays, La Famille HomeAway<br \/>\nCette appr\u00e9ciation vous a-t-elle aid\u00e9e? Oui Non<\/p>\n<p>Charl\u00e8ne D.<br \/>\n5 sur 5<br \/>\n\u201cs\u00e9jour EXCEPTIONNEL\u2026<br \/>\nTout le monde est au petit soin pour vous Anjoo et Lata pour la cuisine et le m\u00e9nage et la garde des enfants si besoin, P\u00e9p\u00e9 pour les ballades et Radha (le propri\u00e9taire).<br \/>\nCette Villa est conforme au descriptif. Elle est tr\u00e8s bien \u00e9quip\u00e9e notamment pour les enfants en<br \/>\nbas-\u00e2ges.<br \/>\nNous ne pouvons vous que vous conseiller cette destination o\u00f9 j\u201den suis s\u00fbr vous serez accueillis comme nous l\u201davons \u00e9t\u00e9.<br \/>\nCette destination est not\u00e9e en gras dans notre carnet d\u201dadresse c\u201dest certain nous y retournerons \u2026<br \/>\n\u201d<br \/>\nAppr\u00e9ciation envoy\u00e9e: 24 janv. 2012 Date de s\u00e9jour: d\u00e9c. 2011 Source: Homelidays, La Famille HomeAway<\/p>\n<p><a href=\"http:\/\/www.abritel.fr\/traveler\/profiles\/25cc6715-4181-4b6a-b1b1-0dd4fd6cb591\">Pierre D.<\/a><\/p>\n<p><strong><strong>\u00a0<\/strong><\/strong>S\u00e9jour de r\u00eave pour une lune de miel paradisiaque<\/p>\n<ul>\n<li>5 de 5<\/li>\n<\/ul>\n<p>Nous avons \u00e9t\u00e9 h\u00e9berg\u00e9s dans la villa Radani durant quinze jours pour notre lune de miel du 19 d\u00e9cembre 2014 au 1er janvier 2015.<\/p>\n<p>Que dire de ce cadre f\u00e9\u00e9rique et de l&#8217; accueil chaleureux durant tout notre s\u00e9jour?<\/p>\n<p>Notre voyage est inoubliable gr\u00e2ce au grand coeur de Radha,Danielle,P\u00e9p\u00e9,Anjou,Lata et Maya.<\/p>\n<p>Ils ont \u00e9t\u00e9 aux petits soins avec nous et nous ont fait nous sentir chez nous \u00e0 chaque moment.<\/p>\n<p>Nous recommandons vivement \u00e0 tous ceux qui veulent vivre des moments inoubliables dans un cadre familial et dans un pays chaleureux de tenter cette aventure unique au monde.<\/p>\n<p>Fatiha et Moustapha<\/p>\n<ul>\n<li>Appr\u00e9ciation envoy\u00e9e: Jan 12, 2015 Date de s\u00e9jour: Dec 2014 Source: Abritel, La Famille HomeAway<\/li>\n<\/ul>\n<p>Cette appr\u00e9ciation vous a-t-elle aid\u00e9e? 0 Oui 0 Non<\/p>\n<p><a href=\"http:\/\/www.abritel.fr\/traveler\/profiles\/9953a82a-27a6-49da-a4a5-75414fa646b7\">Caroline P.<\/a><\/p>\n<p>France<\/p>\n<p>Vacances merveilleuses dans un coin de paradis<\/p>\n<ul>\n<li>5 de 5<\/li>\n<\/ul>\n<p>Un tr\u00e8s grand merci \u00e0 Rhada et \u00e0 toute son &#8220;\u00e9quipe&#8221; pour ces merveilleuses vacances. Nous \u00e9tions 3 familles avec 7 enfants, nous nous sommes r\u00e9gal\u00e9, le lieu est id\u00e9al pour partager de d\u00e9licieux moments de convivialit\u00e9 entre amis.<\/p>\n<p>Anjoo, Latta et Maya font de merveilles, des repas fabuleux et sont des amours de femme, d&#8217;une gentillesse inou\u00efe. P\u00e9p\u00e9 est un guide extra, qui nous afait d\u00e9couvrir son \u00eele de la plus belle des mani\u00e8res, et Rhada est un h\u00f4te comme nous en avons peu rencontr\u00e9. Bref, des vacances inoubliables, nous esp\u00e9rons revenir bient\u00f4t ! un grand merci !<\/p>\n<ul>\n<li>Appr\u00e9ciation envoy\u00e9e: Jun 15, 2014 Date de s\u00e9jour: Mar 2014 Source: Abritel, La Famille HomeAway<\/li>\n<\/ul>\n<p>Cette appr\u00e9ciation vous a-t-elle aid\u00e9e? 0 Oui 0 Non<\/p>\n<p><a href=\"http:\/\/www.abritel.fr\/traveler\/profiles\/dd904711-3789-4ccc-b6ca-032658a14659\">cousteix g.<\/a><\/p>\n<p>france<\/p>\n<p>EXCELLENT CHOIX \u00e0 tous points de vue<\/p>\n<ul>\n<li>5 de 5<\/li>\n<\/ul>\n<p>Sur les hauts de trou d\u2019eau Douce, la villa Radani est un Paradis un petit morceau de l\u2019Inde perdue au c\u0153ur de l\u2019oc\u00e9an du m\u00eame nom.<\/p>\n<p>Nous etions dans la petit maison. Belle vue sur le lagon depuis la terrasse. WiFI. Logement tr\u00e8s confortable, piscine magnifique et irr\u00e9prochable, paisible est un euph\u00e9misme .!! &#8230;, oiseaux, fleurs, \u2026 MAGIQUE.<\/p>\n<p>La vaste piscine, l\u2019accueil chaleureux de tous, la gentillesse et l\u2019efficacit\u00e9 de Radha notre h\u00f4te toujours tr\u00e8s attentionn\u00e9, pr\u00e9sent et discret, la discr\u00e9tion et le sourire de Maya qui pr\u00e9pare les repas, fera les courses si vous le souhaitez et de bons plats Mauriciens\u2026. contribuent largement \u00e0 confirmer la sympathie, gentillesse, authenticit\u00e9 de l\u2019accueil Mauricien, mais encore plus ici&#8230; o\u00f9 tout est r\u00e9uni&#8230;. . D\u00e8s que l\u2019opportunit\u00e9 d\u2019une f\u00eate sera l\u00e0, Radha vous conviera \u00e0 partager la vie Mauricienne, Indienne, si vous le souhaitez. Radha et son neveu P\u00e9p\u00e9 et Maya, Latta, Anjoo feront tout pour vous procurer renseignements, aides, organisations.<\/p>\n<p>Comme le dit le site, c\u2019est un concept \u00e0 part. Tout Ce qui est dit est vrai ; on est re\u00e7u comme des invit\u00e9s et en contact avec la vie locale, toute une s\u00e9rie de v\u00e9los etc\u2026. Mais c&#8217;est encore plus&#8230;<\/p>\n<p>Nombreux jolis coins pour rayonner et visiter. De tr\u00e8s belles plages \u00e9galement.<\/p>\n<p>Des moments de r\u00eave et de bonheur.<\/p>\n<p>Nous reviendrons, mais plus longuement. Merci Rada et Maya.<\/p>\n<p>Namaskar<\/p>\n<p>Karine et Guy , France<\/p>\n<p><strong><strong>\u00a0<\/strong><\/strong><\/p>\n<ul>\n<li>Appr\u00e9ciation envoy\u00e9e: Nov 3, 2013 Date de s\u00e9jour: Oct 2013 Source: Abritel, La Famille HomeAway<\/li>\n<\/ul>\n<p>Cette appr\u00e9ciation vous a-t-elle aid\u00e9e? 2 Oui 0 Non<\/p>\n<p><a href=\"http:\/\/www.abritel.fr\/traveler\/profiles\/9a13d148-6271-4f26-937f-6d0ca6e4d0da\">mickael m.<\/a><\/p>\n<p><strong><strong>\u00a0<\/strong><\/strong><\/p>\n<p>notre plus beau voyage&#8230;<\/p>\n<ul>\n<li>5 de 5<\/li>\n<\/ul>\n<p>Bonjour \u00e0 tous,<\/p>\n<p>nous venons de vivre un moment tout simplement exceptionnel&#8230;<\/p>\n<p>Gr\u00e2ce \u00e0 Radha et son \u00e9quipe nous nous sommes mari\u00e9 sur une petite plage de trou d&#8217;eau(un paradis au paradis!!)<\/p>\n<p>Radha c&#8217;est occup\u00e9 de tout pour nous(formalit\u00e9s administratives,organisation de la c\u00e9r\u00e9monie sur la plage avec l&#8217;officier d&#8217;\u00e9tat civil,petite arche improvis\u00e9e sur place par P\u00e9p\u00e9 son bras droit,t\u00e9moin,photographe et cameraman professionnel,etc&#8230;)du pur bonheur !<\/p>\n<p>Et comme si cela ne suffisait pas,il nous a en plus organis\u00e9 deux jours plus tard un mariage hindou digne d&#8217;un conte des mille et une nuit,un moment magique,f\u00e9erique et inoubliable.<\/p>\n<p>Difficile de r\u00e9sumer un voyage aussi merveilleux en quelques lignes ,m\u00eame un livre de 200 pages ne suffirait pas tellement nous avons v\u00e9cu de moments extraordinaires agr\u00e9ment\u00e9s de sublimes rencontres.<\/p>\n<p>Trois femmes sont aux petits soins pour vous, tous les jours : Maya, Latta et Anjoo, elles sont g\u00e9niales&#8230;<\/p>\n<p>Elles vous pr\u00e9parent petit d\u00e9jeuner et d\u00eener en fonction de vos d\u00e9sirs (mais demander la cuisine locale! c&#8217;est un r\u00e9gal pour les papilles),s&#8217;occupe de votre logement telles des petites f\u00e9es du logis(sans parler de leur massage \u00e0 quatre mains sur table de massage avec huile essentielle, un incontournable),toujours pleines de petites attention,le tout d\u00e9bordant de gentillesse et de sourire. Ce sont des magiciennes ! &#8220;elles sont comme un couteau suisse&#8221;<\/p>\n<p>Ensuite, il y a P\u00e9p\u00e9,le &#8220;major d&#8217;homme&#8221;,il est exceptionnel (c&#8217;est Mac Gyver) : Vous avez besoin de quoi que ce soit demander \u00e0 P\u00e9p\u00e9 ,il sait tout faire et connait tout le monde (vous trouver les meilleures excursions au meilleur prix, pareil pour la location de v\u00e9hicule ou encore l&#8217;organisation de sortie en tout genre&#8230;il sera votre guide. Si vous \u00eates du genre \u00e0 fuir les h\u00f4tels \u00e0 touristes&#8230;vous \u00eates au bon endroit, les services d&#8217;un grand h\u00f4tel dans un environnement &#8220;familial&#8221;(du sur mesure personnalis\u00e9&#8230;) ou vous serez \u00e0 la rencontre de la vraie \u00eele Maurice et e ses habitants&#8230;Dans la vie il y&#8217;a des choses qui restent grav\u00e9, et celle-ci en fera partie et nous esp\u00e9rons pouvoir y retourner tr\u00e8s bient\u00f4t.Merci encore \u00e0 Radha(un grand Monsieur \u00e0 connaitre et \u00e0 recommander,simple et g\u00e9n\u00e9reux qui sera faire de votre s\u00e9jour un moment unique et exceptionnel)<\/p>\n<p>C&#8217;est de loin notre plus beau voyage et un des meilleur moments de notre vie.<\/p>\n<p>A tr\u00e8s bient\u00f4t c&#8217;est sur&#8230;!!<\/p>\n<ul>\n<li>Appr\u00e9ciation envoy\u00e9e: Jun 1, 2013 Date de s\u00e9jour: May 2013 Source: Abritel, La Famille HomeAway<\/li>\n<\/ul>\n<p>R\u00e9ponse du propri\u00e9taire: Bonjour \u00e0 tout le monde, A la 3\u00e9me ligne, lisez plage de Trou D&#8217;Eau Douce Equipe de la Villa Radani<\/p>\n<p>Cette appr\u00e9ciation vous a-t-elle aid\u00e9e? 3 Oui 0 Non<\/p>\n<p><a href=\"http:\/\/www.abritel.fr\/traveler\/profiles\/214d90ad-9eb6-41ee-a9d9-fd86cae6bd41\">Ma\u00efwenn S.<\/a><\/p>\n<p><strong><strong>\u00a0<\/strong><\/strong><\/p>\n<p>merveilleux s\u00e9jour<\/p>\n<ul>\n<li>5 de 5<\/li>\n<\/ul>\n<p>la meilleur des trois locations que nous avons fait durant notre s\u00e9jour \u00e0 Maurice.<\/p>\n<p>personnel accueillant, chaleureux, discrets et sympathiques. disponibles sans aucun souci. la villa est bien au calme, jardin tr\u00e8s agr\u00e9able et piscine super pratique! rien \u00e0 redire sur l&#8217;\u00e9quipement, c&#8217;est propre, bien meubl\u00e9. on en garde un agr\u00e9able souvenir! merci!<\/p>\n<p>famille SOLER<\/p>\n<ul>\n<li>Appr\u00e9ciation envoy\u00e9e: May 29, 2013 Date de s\u00e9jour: Apr 2013 Source: Abritel, La Famille HomeAway<\/li>\n<\/ul>\n<p>Cette appr\u00e9ciation vous a-t-elle aid\u00e9e? 3 Oui 0 Non<\/p>\n<p><a href=\"http:\/\/www.abritel.fr\/traveler\/profiles\/7b94d394-f0ef-4b6b-91b4-538635df6b9f\">christian c.<\/a><\/p>\n<p><strong><strong>\u00a0<\/strong><\/strong><\/p>\n<p>S\u00e9jour authentique,calme et personnel Super!<\/p>\n<ul>\n<li>5 de 5<\/li>\n<\/ul>\n<p>Nous avons pass\u00e9 nos vacances \u00e0 la villa Radani \u00e0 l\u2019int\u00e9rieur d&#8217;un parc tr\u00e8s arbor\u00e9 avec piscine, comme sur les photos, standard europ\u00e9en, tr\u00e8s propre, bien agenc\u00e9e, pi\u00e8ces spacieuses. Radha, le propri\u00e9taire est super, attentionn\u00e9, d\u00e9vou\u00e9,discret mais pr\u00e9sent. Nous avons profit\u00e9 de Lata et Anjoo pour le m\u00e9nage et la cuisine. Elles cuisinent de super plats et peuvent se charger de faire les courses si vs le souhaitez. P\u00e9p\u00e9 s&#8217;occupe des transports et des sorties. Tout est sugg\u00e9r\u00e9 rien n&#8217;est impos\u00e9.La mer est \u00e0 10 mn \u00e0 pied ainsi que l&#8217;embarcad\u00e8re pour l\u2019\u00eele au Cerfs. L&#8217;endroit est calme et les gens sont authentiques et tellement sympathiques que l&#8217;on ne sait comment les remercier.<\/p>\n<p>Une petite anecdote pour illustrer leur gentillesse : notre fille a eu un petit accident sur l\u2019\u00eele durant le s\u00e9jour qui a n\u00e9cessit\u00e9 son hospitalisation. Sachant cela toute l&#8217;\u00e9quipe Radani s&#8217;est mobilis\u00e9e pour nous aider, la famille, les amis, les connaissances, Radha bien s\u00fbr et ses multiples contacts pour nous supporter, , nous transporter, pour faciliter&#8230;. Tout cela naturellement bien entendu&#8230; En r\u00e9sum\u00e9 nous avons appr\u00e9ci\u00e9 l&#8217; \u00eele, nous avons aim\u00e9 la maison et Ador\u00e9 les Mauriciens!! Nous retournerons \u00e0 la Villa Radani c &#8216;est s\u00fbr! Christian et Isabelle Toulouse<\/p>\n<p><strong><strong>\u00a0<\/strong><\/strong><\/p>\n<ul>\n<li>Appr\u00e9ciation envoy\u00e9e: Apr 5, 2013 Date de s\u00e9jour: Mar 2013 Source: Abritel, La Famille HomeAway<\/li>\n<\/ul>\n<\/div><\/div>\n<\/div><\/div>\n<h3><\/h3>\n<h3><\/h3>\n<h3><\/h3>\n","protected":false},"excerpt":{"rendered":"","protected":false},"author":1,"featured_media":0,"parent":0,"menu_order":0,"comment_status":"open","ping_status":"open","template":"","meta":{"footnotes":""},"class_list":["post-25","page","type-page","status-publish","czr-hentry"],"yoast_head":"<!-- This site is optimized with the Yoast SEO plugin v25.9 - https:\/\/yoast.com\/wordpress\/plugins\/seo\/ -->\n<title>T\u00e9moignages - Bienvenue aux Villas Radani<\/title>\n<meta name=\"robots\" content=\"noindex, follow, max-snippet:-1, max-image-preview:large, max-video-preview:-1\" \/>\n<meta property=\"og:locale\" content=\"en_US\" \/>\n<meta property=\"og:type\" content=\"article\" \/>\n<meta property=\"og:title\" content=\"T\u00e9moignages - Bienvenue aux Villas Radani\" \/>\n<meta property=\"og:url\" content=\"https:\/\/radani.agency\/mauritius\/location-villas-radani\/avis-clients-2\/\" \/>\n<meta property=\"og:site_name\" content=\"Bienvenue aux Villas Radani\" \/>\n<meta property=\"article:modified_time\" content=\"2018-12-06T14:22:42+00:00\" \/>\n<meta property=\"og:image\" content=\"http:\/\/radani.agency\/mauritius\/locationvillasradani\/wp-content\/uploads\/sites\/9\/2015\/03\/mapMaurice_01-300x287.jpg\" \/>\n<meta name=\"twitter:label1\" content=\"Est. reading time\" \/>\n\t<meta name=\"twitter:data1\" content=\"17 minutes\" \/>\n<script type=\"application\/ld+json\" class=\"yoast-schema-graph\">{\"@context\":\"https:\/\/schema.org\",\"@graph\":[{\"@type\":\"WebPage\",\"@id\":\"https:\/\/radani.agency\/mauritius\/location-villas-radani\/avis-clients-2\/\",\"url\":\"https:\/\/radani.agency\/mauritius\/location-villas-radani\/avis-clients-2\/\",\"name\":\"T\u00e9moignages - Bienvenue aux Villas Radani\",\"isPartOf\":{\"@id\":\"https:\/\/radani.agency\/mauritius\/location-villas-radani\/#website\"},\"primaryImageOfPage\":{\"@id\":\"https:\/\/radani.agency\/mauritius\/location-villas-radani\/avis-clients-2\/#primaryimage\"},\"image\":{\"@id\":\"https:\/\/radani.agency\/mauritius\/location-villas-radani\/avis-clients-2\/#primaryimage\"},\"thumbnailUrl\":\"http:\/\/radani.agency\/mauritius\/locationvillasradani\/wp-content\/uploads\/sites\/9\/2015\/03\/mapMaurice_01-300x287.jpg\",\"datePublished\":\"2015-02-28T09:11:50+00:00\",\"dateModified\":\"2018-12-06T14:22:42+00:00\",\"breadcrumb\":{\"@id\":\"https:\/\/radani.agency\/mauritius\/location-villas-radani\/avis-clients-2\/#breadcrumb\"},\"inLanguage\":\"en-US\",\"potentialAction\":[{\"@type\":\"ReadAction\",\"target\":[\"https:\/\/radani.agency\/mauritius\/location-villas-radani\/avis-clients-2\/\"]}]},{\"@type\":\"ImageObject\",\"inLanguage\":\"en-US\",\"@id\":\"https:\/\/radani.agency\/mauritius\/location-villas-radani\/avis-clients-2\/#primaryimage\",\"url\":\"http:\/\/radani.agency\/mauritius\/locationvillasradani\/wp-content\/uploads\/sites\/9\/2015\/03\/mapMaurice_01-300x287.jpg\",\"contentUrl\":\"http:\/\/radani.agency\/mauritius\/locationvillasradani\/wp-content\/uploads\/sites\/9\/2015\/03\/mapMaurice_01-300x287.jpg\"},{\"@type\":\"BreadcrumbList\",\"@id\":\"https:\/\/radani.agency\/mauritius\/location-villas-radani\/avis-clients-2\/#breadcrumb\",\"itemListElement\":[{\"@type\":\"ListItem\",\"position\":1,\"name\":\"Home\",\"item\":\"https:\/\/radani.agency\/mauritius\/location-villas-radani\/en-gb\/\"},{\"@type\":\"ListItem\",\"position\":2,\"name\":\"T\u00e9moignages\"}]},{\"@type\":\"WebSite\",\"@id\":\"https:\/\/radani.agency\/mauritius\/location-villas-radani\/#website\",\"url\":\"https:\/\/radani.agency\/mauritius\/location-villas-radani\/\",\"name\":\"Bienvenue aux Villas Radani\",\"description\":\"Plus qu\u2019un Voyage\u2026 une Rencontre\",\"potentialAction\":[{\"@type\":\"SearchAction\",\"target\":{\"@type\":\"EntryPoint\",\"urlTemplate\":\"https:\/\/radani.agency\/mauritius\/location-villas-radani\/?s={search_term_string}\"},\"query-input\":{\"@type\":\"PropertyValueSpecification\",\"valueRequired\":true,\"valueName\":\"search_term_string\"}}],\"inLanguage\":\"en-US\"}]}<\/script>\n<!-- \/ Yoast SEO plugin. -->","yoast_head_json":{"title":"T\u00e9moignages - Bienvenue aux Villas Radani","robots":{"index":"noindex","follow":"follow","max-snippet":"max-snippet:-1","max-image-preview":"max-image-preview:large","max-video-preview":"max-video-preview:-1"},"og_locale":"en_US","og_type":"article","og_title":"T\u00e9moignages - Bienvenue aux Villas Radani","og_url":"https:\/\/radani.agency\/mauritius\/location-villas-radani\/avis-clients-2\/","og_site_name":"Bienvenue aux Villas Radani","article_modified_time":"2018-12-06T14:22:42+00:00","og_image":[{"url":"http:\/\/radani.agency\/mauritius\/locationvillasradani\/wp-content\/uploads\/sites\/9\/2015\/03\/mapMaurice_01-300x287.jpg","type":"","width":"","height":""}],"twitter_misc":{"Est. reading time":"17 minutes"},"schema":{"@context":"https:\/\/schema.org","@graph":[{"@type":"WebPage","@id":"https:\/\/radani.agency\/mauritius\/location-villas-radani\/avis-clients-2\/","url":"https:\/\/radani.agency\/mauritius\/location-villas-radani\/avis-clients-2\/","name":"T\u00e9moignages - Bienvenue aux Villas Radani","isPartOf":{"@id":"https:\/\/radani.agency\/mauritius\/location-villas-radani\/#website"},"primaryImageOfPage":{"@id":"https:\/\/radani.agency\/mauritius\/location-villas-radani\/avis-clients-2\/#primaryimage"},"image":{"@id":"https:\/\/radani.agency\/mauritius\/location-villas-radani\/avis-clients-2\/#primaryimage"},"thumbnailUrl":"http:\/\/radani.agency\/mauritius\/locationvillasradani\/wp-content\/uploads\/sites\/9\/2015\/03\/mapMaurice_01-300x287.jpg","datePublished":"2015-02-28T09:11:50+00:00","dateModified":"2018-12-06T14:22:42+00:00","breadcrumb":{"@id":"https:\/\/radani.agency\/mauritius\/location-villas-radani\/avis-clients-2\/#breadcrumb"},"inLanguage":"en-US","potentialAction":[{"@type":"ReadAction","target":["https:\/\/radani.agency\/mauritius\/location-villas-radani\/avis-clients-2\/"]}]},{"@type":"ImageObject","inLanguage":"en-US","@id":"https:\/\/radani.agency\/mauritius\/location-villas-radani\/avis-clients-2\/#primaryimage","url":"http:\/\/radani.agency\/mauritius\/locationvillasradani\/wp-content\/uploads\/sites\/9\/2015\/03\/mapMaurice_01-300x287.jpg","contentUrl":"http:\/\/radani.agency\/mauritius\/locationvillasradani\/wp-content\/uploads\/sites\/9\/2015\/03\/mapMaurice_01-300x287.jpg"},{"@type":"BreadcrumbList","@id":"https:\/\/radani.agency\/mauritius\/location-villas-radani\/avis-clients-2\/#breadcrumb","itemListElement":[{"@type":"ListItem","position":1,"name":"Home","item":"https:\/\/radani.agency\/mauritius\/location-villas-radani\/en-gb\/"},{"@type":"ListItem","position":2,"name":"T\u00e9moignages"}]},{"@type":"WebSite","@id":"https:\/\/radani.agency\/mauritius\/location-villas-radani\/#website","url":"https:\/\/radani.agency\/mauritius\/location-villas-radani\/","name":"Bienvenue aux Villas Radani","description":"Plus qu\u2019un Voyage\u2026 une Rencontre","potentialAction":[{"@type":"SearchAction","target":{"@type":"EntryPoint","urlTemplate":"https:\/\/radani.agency\/mauritius\/location-villas-radani\/?s={search_term_string}"},"query-input":{"@type":"PropertyValueSpecification","valueRequired":true,"valueName":"search_term_string"}}],"inLanguage":"en-US"}]}},"_links":{"self":[{"href":"https:\/\/radani.agency\/mauritius\/location-villas-radani\/wp-json\/wp\/v2\/pages\/25","targetHints":{"allow":["GET"]}}],"collection":[{"href":"https:\/\/radani.agency\/mauritius\/location-villas-radani\/wp-json\/wp\/v2\/pages"}],"about":[{"href":"https:\/\/radani.agency\/mauritius\/location-villas-radani\/wp-json\/wp\/v2\/types\/page"}],"author":[{"embeddable":true,"href":"https:\/\/radani.agency\/mauritius\/location-villas-radani\/wp-json\/wp\/v2\/users\/1"}],"replies":[{"embeddable":true,"href":"https:\/\/radani.agency\/mauritius\/location-villas-radani\/wp-json\/wp\/v2\/comments?post=25"}],"version-history":[{"count":32,"href":"https:\/\/radani.agency\/mauritius\/location-villas-radani\/wp-json\/wp\/v2\/pages\/25\/revisions"}],"predecessor-version":[{"id":1230,"href":"https:\/\/radani.agency\/mauritius\/location-villas-radani\/wp-json\/wp\/v2\/pages\/25\/revisions\/1230"}],"wp:attachment":[{"href":"https:\/\/radani.agency\/mauritius\/location-villas-radani\/wp-json\/wp\/v2\/media?parent=25"}],"curies":[{"name":"wp","href":"https:\/\/api.w.org\/{rel}","templated":true}]}}